{"id":4518,"date":"2025-07-17T12:36:15","date_gmt":"2025-07-17T11:36:15","guid":{"rendered":"https:\/\/advanstunisie.com\/?post_type=insights&#038;p=4518"},"modified":"2025-07-17T13:03:20","modified_gmt":"2025-07-17T12:03:20","slug":"advans-tunisie-decroche-la-certification-de-protection-des-clients-cpp-niveau-or","status":"publish","type":"insights","link":"https:\/\/advanstunisie.com\/ar\/insights\/advans-tunisie-decroche-la-certification-de-protection-des-clients-cpp-niveau-or\/","title":{"rendered":"Advans Tunisie c\u00e9l\u00e8bre 10 ans d\u2019inclusion financi\u00e8re et annonce une nouvelle gouvernance"},"content":{"rendered":"<div role=\"form\" class=\"wpcf7\" id=\"wpcf7-f1785-p1785-o1\" lang=\"ar\" dir=\"rtl\"><div><div class=\"wpcf7-form\"><div class=\"fit-the-fullspace\"><div><div class=\"screen-reader-response\"><p role=\"status\" aria-live=\"polite\" aria-atomic=\"true\"><\/p> <ul><\/ul><\/div><form action=\"\/ar\/wp-json\/wp\/v2\/insights\/4518#wpcf7-f1785-p1785-o1\" method=\"post\" class=\"wpcf7-form init\" enctype=\"\" autocomplete=\"autocomplete\" novalidate=\"novalidate\" data-status=\"init\" locale=\"ar\"><div style=\"display: block;\"><input type=\"hidden\" name=\"_wpcf7\" value=\"1785\" \/>\n<input type=\"hidden\" name=\"_wpcf7_version\" value=\"6.1.5\" \/>\n<input type=\"hidden\" name=\"_wpcf7_locale\" value=\"ar\" \/>\n<input type=\"hidden\" name=\"_wpcf7_unit_tag\" value=\"wpcf7-f1785-p1785-o1\" \/>\n<input type=\"hidden\" name=\"_wpcf7_posted_data_hash\" value=\"\" \/>\n<input type=\"hidden\" name=\"_wpcf7_fit-the-fullspace\" value=\"\" \/>\n<\/div><label> \u0627\u0633\u0645\u0643\n    <span class=\"wpcf7-form-control-wrap\" data-name=\"your-name\"><input size=\"40\" maxlength=\"400\" class=\"wpcf7-form-control wpcf7-text wpcf7-validates-as-required\" id=\"your-name\" autocomplete=\"name\" aria-required=\"true\" aria-invalid=\"false\" value=\"\" type=\"text\" name=\"your-name\" \/><\/span> <\/label>\n\n<label> \u0628\u0631\u064a\u062f\u0643 \u0627\u0644\u0625\u0644\u0643\u062a\u0631\u0648\u0646\u064a\n    <span class=\"wpcf7-form-control-wrap\" data-name=\"your-email\"><input size=\"40\" maxlength=\"400\" class=\"wpcf7-form-control wpcf7-email wpcf7-validates-as-required wpcf7-text wpcf7-validates-as-email\" id=\"your-email\" autocomplete=\"email\" aria-required=\"true\" aria-invalid=\"false\" value=\"\" type=\"email\" name=\"your-email\" \/><\/span> <\/label>\n\n<label> \u0627\u0644\u0645\u0648\u0636\u0648\u0639\n    <span class=\"wpcf7-form-control-wrap\" data-name=\"your-subject\"><input size=\"40\" maxlength=\"400\" class=\"wpcf7-form-control wpcf7-text wpcf7-validates-as-required\" id=\"your-subject\" aria-required=\"true\" aria-invalid=\"false\" value=\"\" type=\"text\" name=\"your-subject\" \/><\/span> <\/label>\n\n<label> \u0631\u0633\u0627\u0644\u062a\u0643 (\u0627\u062e\u062a\u064a\u0627\u0631\u064a)\n    <span class=\"wpcf7-form-control-wrap\" data-name=\"your-message\"><textarea cols=\"40\" rows=\"10\" maxlength=\"2000\" class=\"wpcf7-form-control wpcf7-textarea\" id=\"your-message\" aria-invalid=\"false\" name=\"your-message\"><\/textarea><\/span> <\/label>\n\n<input class=\"wpcf7-form-control wpcf7-submit has-spinner\" type=\"submit\" value=\"\u0625\u0631\u0633\u0627\u0644\" \/><div class=\"wpcf7-response-output\" aria-hidden=\"true\"><\/div><\/form><\/div><\/div><\/div><\/div><\/div>\n    <div class=\"hero-block-main-hp hero_slider_hp\" id=\"hero_slider_hp \">\n                    <div class=\"hero-slide-item-main-hp\" style=\"background: url(https:\/\/advanstunisie.com\/wp-content\/uploads\/sites\/4\/2025\/07\/Nomination-greg-Hori.jpg) no-repeat center top; background-size: cover;\" >\n                <div class=\"container-1130\">\n                    <div class=\"row\">\n                        <div class=\"col-lg-12 col-md-12 col-sm-12 col-12 hero-slide-item-in-hp\">\n                            <div class=\"hero-slide-img-hp\" style=\"background: url(https:\/\/advanstunisie.com\/wp-content\/uploads\/sites\/4\/2025\/07\/Nomination-greg-Hori.jpg) no-repeat center top; background-size: cover;\" ><\/div>\n                                                    <\/div>\n                    <\/div>\n                <\/div>\n            <\/div>\n            <\/div>\n\n\n\n\n    <div id=\"\" class=\"IArticle-block-main-saip\">\n        <div class=\"container\">\n            <div class=\"row\">\n                <div class=\"col-lg-12 col-md-12 col-sm-12 col-12 IArticle-block-in-saip\">\n                    <div class=\"container-1130\">\n                        <div class=\"IArticle-info-text-saip\">\n                            <p style=\"text-align: left\">\u00c0 l\u2019occasion de son 10e anniversaire, Advans Tunisie, institution de microfinance de r\u00e9f\u00e9rence, c\u00e9l\u00e8bre une d\u00e9cennie d\u2019engagement en faveur de l\u2019inclusion financi\u00e8re en Tunisie. Cet anniversaire marque \u00e9galement une \u00e9tape majeure dans la gouvernance de l\u2019institution avec la nomination de Gr\u00e9goire Danel-Fedou \u00e0 la pr\u00e9sidence du Conseil d\u2019administration, succ\u00e9dant \u00e0 Claude Falgon, fondateur d\u2019Advans Group et pionnier du d\u00e9veloppement d\u2019Advans Tunisie<\/p>\n<p style=\"text-align: left\">\n<p style=\"text-align: left\"><span style=\"color: #339966\"><strong>Une d\u00e9cennie au service des entrepreneurs tunisiens<\/strong><\/span><\/p>\n<p style=\"text-align: left\">\n<p style=\"text-align: left\">Depuis le d\u00e9marrage de ses op\u00e9rations en mars 2015, Advans Tunisie s\u2019est impos\u00e9e comme un acteur cl\u00e9 de la microfinance, offrant aux micros, petites et moyennes entreprises (MPME) un acc\u00e8s simplifi\u00e9 \u00e0 des solutions financi\u00e8res responsables, jusque-l\u00e0 inaccessibles via les \u00e9tablissements financiers traditionnels<\/p>\n<p style=\"text-align: left\">En dix ans, l\u2019institution a su b\u00e2tir un r\u00e9seau solide de 27 agences couvrant l\u2019ensemble du territoire tunisien. Elle a octroy\u00e9 plus d\u2019un milliard de dinars de cr\u00e9dits en 10 ans et compte \u00e0 fin juin plus de 35 500 clients actifs et une \u00e9quipe de plus de 600 collaborateurs engag\u00e9s. Advans Tunisie a aussi accompagn\u00e9 des milliers d\u2019entrepreneurs, incluant commer\u00e7ants, agriculteurs, artisans et industriels. Cette trajectoire remarquable illustre l\u2019impact concret d\u2019une microfinance responsable et inclusive au service du d\u00e9veloppement \u00e9conomique local<\/p>\n<p style=\"text-align: left\">L\u2019action d\u2019Advans Tunisie a \u00e9t\u00e9 r\u00e9cemment salu\u00e9e par plusieurs distinctions majeures, t\u00e9moignant de son engagement envers ses clients et de sa solidit\u00e9 institutionnelle. L\u2019institution a obtenu la Certification Client Protection Pathway (CPP) \u2013 Niveau Or, d\u00e9livr\u00e9e par l\u2019organisme ind\u00e9pendant MFR accr\u00e9dit\u00e9 par Cerise+SPTF, qui reconna\u00eet la mise en \u0153uvre de pratiques exemplaires en mati\u00e8re de protection des droits des clients. Elle s\u2019est \u00e9galement vu d\u00e9cerner la certification MSI 20000 par l\u2019organisme COCIFERT, une norme internationale attestant de la qualit\u00e9 de la situation financi\u00e8re de l\u2019entreprise et de sa gestion durable<\/p>\n<p style=\"text-align: left\">\n<p style=\"text-align: left\"><span style=\"color: #339966\"><strong>Claude Falgon passe le flambeau \u00e0 Gr\u00e9goire Danel-Fedou<\/strong><\/span><\/p>\n<p style=\"text-align: left\">\n<p style=\"text-align: left\">Claude Falgon a marqu\u00e9 l\u2019histoire d\u2019Advans Tunisie par sa vision et son engagement. Fondateur d\u2019Advans Group et figure embl\u00e9matique du secteur de la microfinance, Claude Falgon a jou\u00e9 un r\u00f4le d\u00e9terminant dans la cr\u00e9ation et le d\u00e9veloppement d\u2019Advans Tunisie<\/p>\n<p style=\"text-align: left\"><em>\u00ab Advans Tunisie incarne pleinement notre mission : d\u00e9mocratiser l\u2019acc\u00e8s aux services financiers pour tous les entrepreneurs tunisiens, quels que soient leur taille ou leur secteur d\u2019activit\u00e9 \u00bb, d\u00e9clare-t-il. \u00ab En dix ans, nos \u00e9quipes tunisiennes ont prouv\u00e9 qu\u2019il est possible de concilier impact social et viabilit\u00e9 \u00e9conomique, en servant efficacement les entrepreneurs exclus du syst\u00e8me financier traditionnel. Je suis particuli\u00e8rement fier de voir comment Advans Tunisie est devenue une institution de confiance pour les Tunisiens \u00bb<\/em><\/p>\n<p style=\"text-align: left\">Gr\u00e9goire Danel-Fedou, qui prend d\u00e9sormais la pr\u00e9sidence du Conseil d\u2019administration, dispose d\u2019une solide exp\u00e9rience dans le secteur. Il a rejoint Advans International en 2003 et a occup\u00e9 plusieurs postes op\u00e9rationnels cl\u00e9s avant d\u2019\u00eatre nomm\u00e9 Directeur g\u00e9n\u00e9ral d\u00e9l\u00e9gu\u00e9 en 2018, avec la responsabilit\u00e9 de superviser l\u2019ensemble des op\u00e9rations du r\u00e9seau africain, y compris celles d\u2019Advans Tunisie. Membre actif du conseil d\u2019administration de la filiale tunisienne depuis 2017, il a largement contribu\u00e9 \u00e0 son orientation strat\u00e9gique<\/p>\n<p style=\"text-align: left\">\u00ab C\u2019est un honneur immense de succ\u00e9der \u00e0 Claude Falgon. Advans Tunisie d\u00e9montre chaque jour l\u2019excellence op\u00e9rationnelle et un impact social mesurable. Notre priorit\u00e9 sera de continuer \u00e0 innover pour mieux servir nos clients tunisiens et \u0153uvrer \u00e0 leur r\u00e9silience face aux chocs climatiques, tout en renfor\u00e7ant notre pr\u00e9sence dans les r\u00e9gions o\u00f9 les besoins de financement restent importants, notamment dans l\u2019agriculture et l\u2019entrepreneuriat f\u00e9minin \u00bb<\/p>\n<p style=\"text-align: left\">\n<p style=\"text-align: left\"><span style=\"color: #339966\"><strong>Perspectives d\u2019avenir<\/strong><\/span><\/p>\n<p style=\"text-align: left\">\n<p style=\"text-align: left\">Forte de ses dix ann\u00e9es d\u2019exp\u00e9rience, Advans Tunisie regarde d\u00e9sormais vers l\u2019avenir avec ambition. L\u2019institution entend \u00e9largir davantage sa pr\u00e9sence territoriale dans les zones \u00e0 fort potentiel, notamment dans les milieux ruraux et agricoles, o\u00f9 les entrepreneurs restent largement en marge des circuits de financement classiques. Elle pr\u00e9voit \u00e9galement de d\u00e9velopper des produits financiers sur mesure, pens\u00e9s pour r\u00e9pondre aux besoins sp\u00e9cifiques de segments encore peu servis comme les jeunes entrepreneurs ou encore les acteurs de l\u2019\u00e9conomie verte<\/p>\n<p style=\"text-align: left\">La transformation digitale continuera \u00e0 repr\u00e9senter un autre axe prioritaire. Advans Tunisie souhaite renforcer ses canaux num\u00e9riques afin de faciliter l\u2019acc\u00e8s aux services, am\u00e9liorer l\u2019exp\u00e9rience client et accro\u00eetre la r\u00e9activit\u00e9 des \u00e9quipes sur le terrain<\/p>\n<p style=\"text-align: left\">Par ailleurs, l\u2019institution envisage de mettre en place davantage de services non financiers, notamment des programmes de formation, de coaching ou d\u2019appui au d\u00e9veloppement commercial, pour accompagner ses clients au-del\u00e0 du financement, notamment \u00e0 travers l\u2019impl\u00e9mentation de sa strat\u00e9gie climat qui a pour objectif le renforcement de la r\u00e9silience des clients face au changement climatique<\/p>\n<p style=\"text-align: left\">Enfin, tout en poursuivant son engagement social, Advans Tunisie continuera \u00e0 consolider sa viabilit\u00e9 institutionnelle. L\u2019objectif est de maintenir une gestion rigoureuse, un pilotage strat\u00e9gique agile et une culture d\u2019impact centr\u00e9e sur le client, pour s\u2019inscrire durablement comme le partenaire de confiance des entrepreneurs tunisiens<\/p>\n                        <\/div>\n                    <\/div>\n                <\/div>\n            <\/div>\n        <\/div>\n    <\/div>\n\n","protected":false},"excerpt":{"rendered":"<p>\u0627\u0633\u0645\u0643 \u0628\u0631\u064a\u062f\u0643 \u0627\u0644\u0625\u0644\u0643\u062a\u0631\u0648\u0646\u064a \u0627\u0644\u0645\u0648\u0636\u0648\u0639 \u0631\u0633\u0627\u0644\u062a\u0643 (\u0627\u062e\u062a\u064a\u0627\u0631\u064a)<\/p>\n","protected":false},"author":12,"featured_media":4519,"template":"","meta":{"_acf_changed":false,"footnotes":""},"insights_types":[],"insights_tags":[],"class_list":["post-4518","insights","type-insights","status-publish","has-post-thumbnail","hentry"],"acf":[],"yoast_head":"<!-- This site is optimized with the Yoast SEO plugin v27.4 - https:\/\/yoast.com\/product\/yoast-seo-wordpress\/ -->\n<title>Advans Tunisie c\u00e9l\u00e8bre 10 ans d\u2019inclusion financi\u00e8re et annonce une nouvelle gouvernance - Advans Tunisie<\/title>\n<meta name=\"robots\" content=\"index, follow, max-snippet:-1, max-image-preview:large, max-video-preview:-1\" \/>\n<link rel=\"canonical\" href=\"https:\/\/advanstunisie.com\/ar\/insights\/advans-tunisie-decroche-la-certification-de-protection-des-clients-cpp-niveau-or\/\" \/>\n<meta property=\"og:locale\" content=\"ar_AR\" \/>\n<meta property=\"og:type\" content=\"article\" \/>\n<meta property=\"og:title\" content=\"Advans Tunisie c\u00e9l\u00e8bre 10 ans d\u2019inclusion financi\u00e8re et annonce une nouvelle gouvernance - Advans Tunisie\" \/>\n<meta property=\"og:description\" content=\"\u0627\u0633\u0645\u0643 \u0628\u0631\u064a\u062f\u0643 \u0627\u0644\u0625\u0644\u0643\u062a\u0631\u0648\u0646\u064a \u0627\u0644\u0645\u0648\u0636\u0648\u0639 \u0631\u0633\u0627\u0644\u062a\u0643 (\u0627\u062e\u062a\u064a\u0627\u0631\u064a)\" \/>\n<meta property=\"og:url\" content=\"https:\/\/advanstunisie.com\/ar\/insights\/advans-tunisie-decroche-la-certification-de-protection-des-clients-cpp-niveau-or\/\" \/>\n<meta property=\"og:site_name\" content=\"Advans Tunisie\" \/>\n<meta property=\"article:publisher\" content=\"https:\/\/www.facebook.com\/advanstunisie\/\" \/>\n<meta property=\"article:modified_time\" content=\"2025-07-17T12:03:20+00:00\" \/>\n<meta property=\"og:image\" content=\"https:\/\/advanstunisie.com\/wp-content\/uploads\/sites\/4\/2025\/07\/175274983389_content.jpg\" \/>\n\t<meta property=\"og:image:width\" content=\"700\" \/>\n\t<meta property=\"og:image:height\" content=\"427\" \/>\n\t<meta property=\"og:image:type\" content=\"image\/jpeg\" \/>\n<meta name=\"twitter:card\" content=\"summary_large_image\" \/>\n<meta name=\"twitter:label1\" content=\"\u0648\u0642\u062a \u0627\u0644\u0642\u0631\u0627\u0621\u0629 \u0627\u0644\u0645\u064f\u0642\u062f\u0651\u0631\" \/>\n\t<meta name=\"twitter:data1\" content=\"1 \u062f\u0642\u064a\u0642\u0629\" \/>\n<script type=\"application\/ld+json\" class=\"yoast-schema-graph\">{\"@context\":\"https:\\\/\\\/schema.org\",\"@graph\":[{\"@type\":\"WebPage\",\"@id\":\"https:\\\/\\\/advanstunisie.com\\\/ar\\\/insights\\\/advans-tunisie-decroche-la-certification-de-protection-des-clients-cpp-niveau-or\\\/\",\"url\":\"https:\\\/\\\/advanstunisie.com\\\/ar\\\/insights\\\/advans-tunisie-decroche-la-certification-de-protection-des-clients-cpp-niveau-or\\\/\",\"name\":\"Advans Tunisie c\u00e9l\u00e8bre 10 ans d\u2019inclusion financi\u00e8re et annonce une nouvelle gouvernance - Advans Tunisie\",\"isPartOf\":{\"@id\":\"https:\\\/\\\/advanstunisie.com\\\/ar\\\/#website\"},\"primaryImageOfPage\":{\"@id\":\"https:\\\/\\\/advanstunisie.com\\\/ar\\\/insights\\\/advans-tunisie-decroche-la-certification-de-protection-des-clients-cpp-niveau-or\\\/#primaryimage\"},\"image\":{\"@id\":\"https:\\\/\\\/advanstunisie.com\\\/ar\\\/insights\\\/advans-tunisie-decroche-la-certification-de-protection-des-clients-cpp-niveau-or\\\/#primaryimage\"},\"thumbnailUrl\":\"https:\\\/\\\/advanstunisie.com\\\/wp-content\\\/uploads\\\/sites\\\/4\\\/2025\\\/07\\\/175274983389_content.jpg\",\"datePublished\":\"2025-07-17T11:36:15+00:00\",\"dateModified\":\"2025-07-17T12:03:20+00:00\",\"breadcrumb\":{\"@id\":\"https:\\\/\\\/advanstunisie.com\\\/ar\\\/insights\\\/advans-tunisie-decroche-la-certification-de-protection-des-clients-cpp-niveau-or\\\/#breadcrumb\"},\"inLanguage\":\"ar\",\"potentialAction\":[{\"@type\":\"ReadAction\",\"target\":[\"https:\\\/\\\/advanstunisie.com\\\/ar\\\/insights\\\/advans-tunisie-decroche-la-certification-de-protection-des-clients-cpp-niveau-or\\\/\"]}]},{\"@type\":\"ImageObject\",\"inLanguage\":\"ar\",\"@id\":\"https:\\\/\\\/advanstunisie.com\\\/ar\\\/insights\\\/advans-tunisie-decroche-la-certification-de-protection-des-clients-cpp-niveau-or\\\/#primaryimage\",\"url\":\"https:\\\/\\\/advanstunisie.com\\\/wp-content\\\/uploads\\\/sites\\\/4\\\/2025\\\/07\\\/175274983389_content.jpg\",\"contentUrl\":\"https:\\\/\\\/advanstunisie.com\\\/wp-content\\\/uploads\\\/sites\\\/4\\\/2025\\\/07\\\/175274983389_content.jpg\",\"width\":700,\"height\":427},{\"@type\":\"BreadcrumbList\",\"@id\":\"https:\\\/\\\/advanstunisie.com\\\/ar\\\/insights\\\/advans-tunisie-decroche-la-certification-de-protection-des-clients-cpp-niveau-or\\\/#breadcrumb\",\"itemListElement\":[{\"@type\":\"ListItem\",\"position\":1,\"name\":\"Home\",\"item\":\"https:\\\/\\\/advanstunisie.com\\\/ar\\\/\"},{\"@type\":\"ListItem\",\"position\":2,\"name\":\"Advans Tunisie c\u00e9l\u00e8bre 10 ans d\u2019inclusion financi\u00e8re et annonce une nouvelle gouvernance\"}]},{\"@type\":\"WebSite\",\"@id\":\"https:\\\/\\\/advanstunisie.com\\\/ar\\\/#website\",\"url\":\"https:\\\/\\\/advanstunisie.com\\\/ar\\\/\",\"name\":\"Advans Tunisie\",\"description\":\"\",\"publisher\":{\"@id\":\"https:\\\/\\\/advanstunisie.com\\\/ar\\\/#organization\"},\"potentialAction\":[{\"@type\":\"SearchAction\",\"target\":{\"@type\":\"EntryPoint\",\"urlTemplate\":\"https:\\\/\\\/advanstunisie.com\\\/ar\\\/?s={search_term_string}\"},\"query-input\":{\"@type\":\"PropertyValueSpecification\",\"valueRequired\":true,\"valueName\":\"search_term_string\"}}],\"inLanguage\":\"ar\"},{\"@type\":\"Organization\",\"@id\":\"https:\\\/\\\/advanstunisie.com\\\/ar\\\/#organization\",\"name\":\"Advans Tunisie\",\"url\":\"https:\\\/\\\/advanstunisie.com\\\/ar\\\/\",\"logo\":{\"@type\":\"ImageObject\",\"inLanguage\":\"ar\",\"@id\":\"https:\\\/\\\/advanstunisie.com\\\/ar\\\/#\\\/schema\\\/logo\\\/image\\\/\",\"url\":\"https:\\\/\\\/advanstunisie.com\\\/wp-content\\\/uploads\\\/sites\\\/4\\\/2024\\\/04\\\/advans_tunisie_logo_couleur.svg\",\"contentUrl\":\"https:\\\/\\\/advanstunisie.com\\\/wp-content\\\/uploads\\\/sites\\\/4\\\/2024\\\/04\\\/advans_tunisie_logo_couleur.svg\",\"width\":1,\"height\":1,\"caption\":\"Advans Tunisie\"},\"image\":{\"@id\":\"https:\\\/\\\/advanstunisie.com\\\/ar\\\/#\\\/schema\\\/logo\\\/image\\\/\"},\"sameAs\":[\"https:\\\/\\\/www.facebook.com\\\/advanstunisie\\\/\"]}]}<\/script>\n<!-- \/ Yoast SEO plugin. -->","yoast_head_json":{"title":"Advans Tunisie c\u00e9l\u00e8bre 10 ans d\u2019inclusion financi\u00e8re et annonce une nouvelle gouvernance - Advans Tunisie","robots":{"index":"index","follow":"follow","max-snippet":"max-snippet:-1","max-image-preview":"max-image-preview:large","max-video-preview":"max-video-preview:-1"},"canonical":"https:\/\/advanstunisie.com\/ar\/insights\/advans-tunisie-decroche-la-certification-de-protection-des-clients-cpp-niveau-or\/","og_locale":"ar_AR","og_type":"article","og_title":"Advans Tunisie c\u00e9l\u00e8bre 10 ans d\u2019inclusion financi\u00e8re et annonce une nouvelle gouvernance - Advans Tunisie","og_description":"\u0627\u0633\u0645\u0643 \u0628\u0631\u064a\u062f\u0643 \u0627\u0644\u0625\u0644\u0643\u062a\u0631\u0648\u0646\u064a \u0627\u0644\u0645\u0648\u0636\u0648\u0639 \u0631\u0633\u0627\u0644\u062a\u0643 (\u0627\u062e\u062a\u064a\u0627\u0631\u064a)","og_url":"https:\/\/advanstunisie.com\/ar\/insights\/advans-tunisie-decroche-la-certification-de-protection-des-clients-cpp-niveau-or\/","og_site_name":"Advans Tunisie","article_publisher":"https:\/\/www.facebook.com\/advanstunisie\/","article_modified_time":"2025-07-17T12:03:20+00:00","og_image":[{"width":700,"height":427,"url":"https:\/\/advanstunisie.com\/wp-content\/uploads\/sites\/4\/2025\/07\/175274983389_content.jpg","type":"image\/jpeg"}],"twitter_card":"summary_large_image","twitter_misc":{"\u0648\u0642\u062a \u0627\u0644\u0642\u0631\u0627\u0621\u0629 \u0627\u0644\u0645\u064f\u0642\u062f\u0651\u0631":"1 \u062f\u0642\u064a\u0642\u0629"},"schema":{"@context":"https:\/\/schema.org","@graph":[{"@type":"WebPage","@id":"https:\/\/advanstunisie.com\/ar\/insights\/advans-tunisie-decroche-la-certification-de-protection-des-clients-cpp-niveau-or\/","url":"https:\/\/advanstunisie.com\/ar\/insights\/advans-tunisie-decroche-la-certification-de-protection-des-clients-cpp-niveau-or\/","name":"Advans Tunisie c\u00e9l\u00e8bre 10 ans d\u2019inclusion financi\u00e8re et annonce une nouvelle gouvernance - Advans Tunisie","isPartOf":{"@id":"https:\/\/advanstunisie.com\/ar\/#website"},"primaryImageOfPage":{"@id":"https:\/\/advanstunisie.com\/ar\/insights\/advans-tunisie-decroche-la-certification-de-protection-des-clients-cpp-niveau-or\/#primaryimage"},"image":{"@id":"https:\/\/advanstunisie.com\/ar\/insights\/advans-tunisie-decroche-la-certification-de-protection-des-clients-cpp-niveau-or\/#primaryimage"},"thumbnailUrl":"https:\/\/advanstunisie.com\/wp-content\/uploads\/sites\/4\/2025\/07\/175274983389_content.jpg","datePublished":"2025-07-17T11:36:15+00:00","dateModified":"2025-07-17T12:03:20+00:00","breadcrumb":{"@id":"https:\/\/advanstunisie.com\/ar\/insights\/advans-tunisie-decroche-la-certification-de-protection-des-clients-cpp-niveau-or\/#breadcrumb"},"inLanguage":"ar","potentialAction":[{"@type":"ReadAction","target":["https:\/\/advanstunisie.com\/ar\/insights\/advans-tunisie-decroche-la-certification-de-protection-des-clients-cpp-niveau-or\/"]}]},{"@type":"ImageObject","inLanguage":"ar","@id":"https:\/\/advanstunisie.com\/ar\/insights\/advans-tunisie-decroche-la-certification-de-protection-des-clients-cpp-niveau-or\/#primaryimage","url":"https:\/\/advanstunisie.com\/wp-content\/uploads\/sites\/4\/2025\/07\/175274983389_content.jpg","contentUrl":"https:\/\/advanstunisie.com\/wp-content\/uploads\/sites\/4\/2025\/07\/175274983389_content.jpg","width":700,"height":427},{"@type":"BreadcrumbList","@id":"https:\/\/advanstunisie.com\/ar\/insights\/advans-tunisie-decroche-la-certification-de-protection-des-clients-cpp-niveau-or\/#breadcrumb","itemListElement":[{"@type":"ListItem","position":1,"name":"Home","item":"https:\/\/advanstunisie.com\/ar\/"},{"@type":"ListItem","position":2,"name":"Advans Tunisie c\u00e9l\u00e8bre 10 ans d\u2019inclusion financi\u00e8re et annonce une nouvelle gouvernance"}]},{"@type":"WebSite","@id":"https:\/\/advanstunisie.com\/ar\/#website","url":"https:\/\/advanstunisie.com\/ar\/","name":"Advans Tunisie","description":"","publisher":{"@id":"https:\/\/advanstunisie.com\/ar\/#organization"},"potentialAction":[{"@type":"SearchAction","target":{"@type":"EntryPoint","urlTemplate":"https:\/\/advanstunisie.com\/ar\/?s={search_term_string}"},"query-input":{"@type":"PropertyValueSpecification","valueRequired":true,"valueName":"search_term_string"}}],"inLanguage":"ar"},{"@type":"Organization","@id":"https:\/\/advanstunisie.com\/ar\/#organization","name":"Advans Tunisie","url":"https:\/\/advanstunisie.com\/ar\/","logo":{"@type":"ImageObject","inLanguage":"ar","@id":"https:\/\/advanstunisie.com\/ar\/#\/schema\/logo\/image\/","url":"https:\/\/advanstunisie.com\/wp-content\/uploads\/sites\/4\/2024\/04\/advans_tunisie_logo_couleur.svg","contentUrl":"https:\/\/advanstunisie.com\/wp-content\/uploads\/sites\/4\/2024\/04\/advans_tunisie_logo_couleur.svg","width":1,"height":1,"caption":"Advans Tunisie"},"image":{"@id":"https:\/\/advanstunisie.com\/ar\/#\/schema\/logo\/image\/"},"sameAs":["https:\/\/www.facebook.com\/advanstunisie\/"]}]}},"_links":{"self":[{"href":"https:\/\/advanstunisie.com\/ar\/wp-json\/wp\/v2\/insights\/4518","targetHints":{"allow":["GET"]}}],"collection":[{"href":"https:\/\/advanstunisie.com\/ar\/wp-json\/wp\/v2\/insights"}],"about":[{"href":"https:\/\/advanstunisie.com\/ar\/wp-json\/wp\/v2\/types\/insights"}],"author":[{"embeddable":true,"href":"https:\/\/advanstunisie.com\/ar\/wp-json\/wp\/v2\/users\/12"}],"version-history":[{"count":6,"href":"https:\/\/advanstunisie.com\/ar\/wp-json\/wp\/v2\/insights\/4518\/revisions"}],"predecessor-version":[{"id":4541,"href":"https:\/\/advanstunisie.com\/ar\/wp-json\/wp\/v2\/insights\/4518\/revisions\/4541"}],"wp:featuredmedia":[{"embeddable":true,"href":"https:\/\/advanstunisie.com\/ar\/wp-json\/wp\/v2\/media\/4519"}],"wp:attachment":[{"href":"https:\/\/advanstunisie.com\/ar\/wp-json\/wp\/v2\/media?parent=4518"}],"wp:term":[{"taxonomy":"insights_types","embeddable":true,"href":"https:\/\/advanstunisie.com\/ar\/wp-json\/wp\/v2\/insights_types?post=4518"},{"taxonomy":"insights_tags","embeddable":true,"href":"https:\/\/advanstunisie.com\/ar\/wp-json\/wp\/v2\/insights_tags?post=4518"}],"curies":[{"name":"wp","href":"https:\/\/api.w.org\/{rel}","templated":true}]}}